{"id":2974,"date":"2020-09-08T12:43:11","date_gmt":"2020-09-08T12:43:11","guid":{"rendered":"https:\/\/admpg.com.br\/2020\/?page_id=2974"},"modified":"2020-10-17T13:34:00","modified_gmt":"2020-10-17T13:34:00","slug":"programacao","status":"publish","type":"page","link":"https:\/\/admpg.com.br\/2020\/programacao\/","title":{"rendered":"Programa\u00e7\u00e3o ADM 2020"},"content":{"rendered":"<table width=\"100%\">\n<tbody>\n<tr>\n<td colspan=\"5\" width=\"100%\">\n<p style=\"text-align: center;\"><strong>PROGRAMA\u00c7\u00c3O ADM 2020<\/strong><\/p>\n<\/td>\n<\/tr>\n<tr>\n<td colspan=\"5\" width=\"100%\">\n<p style=\"text-align: center;\"><strong>19\/10\/2020 (SEGUNDA)<\/strong><\/p>\n<\/td>\n<\/tr>\n<tr>\n<td width=\"72\"><strong>HOR\u00c1RIO INICIAL<\/strong><\/td>\n<td width=\"79\"><strong>HOR\u00c1RIO FINAL<\/strong><\/td>\n<td width=\"180\"><strong>EVENTO<\/strong><\/td>\n<td width=\"255\"><strong>FACILITADORES<\/strong><\/td>\n<td width=\"444\"><strong>OBJETIVOS DO EVENTO<\/strong><\/td>\n<\/tr>\n<tr>\n<td width=\"72\">9h30min<\/td>\n<td width=\"79\"><\/td>\n<td colspan=\"3\" width=\"879\">In\u00edcio das Atividades: \u00a0Apresenta\u00e7\u00e3o do Congresso ADM 2020<\/td>\n<\/tr>\n<tr>\n<td width=\"72\">9h30min<\/td>\n<td width=\"79\">11h<\/td>\n<td width=\"180\">Encontro:<\/p>\n<p>\u201cO papel social da Extens\u00e3o para a forma\u00e7\u00e3o acad\u00eamica: Opera\u00e7\u00e3o RONDON\u201d<\/td>\n<td width=\"255\"><em>Facilitador: <\/em><\/p>\n<p>Prof. Me. Mario Cezar Lopes<\/p>\n<p><a href=\"http:\/\/lattes.cnpq.br\/9374361509786525\">http:\/\/lattes.cnpq.br\/9374361509786525<\/a><\/td>\n<td width=\"444\">Objetivos do Encontro:<\/p>\n<p>&#8211; Apresentar relatos pessoais de acad\u00eamicos e professores participantes das Opera\u00e7\u00f5es Rondon na UEPG;<\/p>\n<p>&#8211; Possibilitar aos congressistas conhecerem a Extens\u00e3o proposta pelo Rondon;<\/p>\n<p>&#8211; Expor a import\u00e2ncia da extens\u00e3o Rondon para a forma\u00e7\u00e3o acad\u00eamica.<\/td>\n<\/tr>\n<tr>\n<td width=\"72\">11h<\/td>\n<td width=\"79\">12h<\/td>\n<td width=\"180\">Apresenta\u00e7\u00e3o dos Projetos de Extens\u00e3o<\/td>\n<td width=\"255\"><\/td>\n<td width=\"444\">Objetivos do Evento:<\/p>\n<p>O objetivo principal da apresenta\u00e7\u00e3o dos projetos, programas e atividades de Extens\u00e3o do Departamento de Administra\u00e7\u00e3o \u00e9 propiciar aos interessados conhecer o que se desenvolve dentro do Curso de Administra\u00e7\u00e3o. A extens\u00e3o tem finalidade a promo\u00e7\u00e3o da cidadania, entendendo que ensino, pesquisa e extens\u00e3o s\u00e3o atividades indissoci\u00e1veis e, quando articuladas produzem a\u00e7\u00f5es que contribuem tanto para o desenvolvimento cidad\u00e3o e profissional do estudante como para a melhoria e transforma\u00e7\u00e3o das comunidades.<\/td>\n<\/tr>\n<tr>\n<td width=\"72\">14h<\/td>\n<td width=\"79\">17h<\/td>\n<td width=\"180\">Encontro das Empresas Juniores<\/td>\n<td width=\"255\"><em>Moderadores:<\/em><\/p>\n<p>Eduardo Henrique de Souza Albuquerque<\/p>\n<p>Nat\u00e1lia do Amaral<\/p>\n<p>Giovanna Blajieski de S\u00e1 Amaral<\/td>\n<td width=\"444\">Objetivos do Encontro:<\/p>\n<p>&#8211; Dar visibilidade ao movimento de empresas juniores;<\/p>\n<p>&#8211; Reconhecimento do empreendedorismo entre os jovens;<\/p>\n<p>&#8211; Expans\u00e3o da visibilidade dessas empresas;<\/p>\n<p>&#8211; Networking entre as empresas e integrantes.<\/td>\n<\/tr>\n<tr>\n<td width=\"72\">14h30min<\/td>\n<td width=\"79\">16h<\/td>\n<td width=\"180\">Palestra:<\/p>\n<p>\u201cSolidariedade e organiza\u00e7\u00f5es: pensar outra gest\u00e3o\u201d<\/td>\n<td width=\"255\">Prof. Dr. Genauto Carvalho de Fran\u00e7a Filho<\/p>\n<p>(UFBA)<\/p>\n<p><a href=\"http:\/\/lattes.cnpq.br\/0335411227053862\">http:\/\/lattes.cnpq.br\/0335411227053862<\/a><\/td>\n<td width=\"444\">Baseado em sua \u00faltima publica\u00e7\u00e3o, \u201cSolidariedade e organiza\u00e7\u00f5es: pensar uma outra gest\u00e3o\u201d, o Prof. Genauto ir\u00e1 apresentar os argumentos que norteiam suas reflex\u00f5es sobre o paradoxo relativo ao lugar da solidariedade nas sociedades atuais.<\/p>\n<p>Partindo de um diagn\u00f3stico cr\u00edtico, o autor ir\u00e1 explorar a emerg\u00eancia de pr\u00e1ticas organizacionais inovadoras visando responder aos dilemas da dupla insustentabilidade que tem caracterizado a din\u00e2mica do desenvolvimento das sociedades contempor\u00e2neas: a crise ambiental e o aumento das desigualdades.<\/td>\n<\/tr>\n<tr>\n<td width=\"72\">\u00a019h<\/td>\n<td width=\"79\">\u00a019h45min<\/td>\n<td colspan=\"3\" width=\"879\">\u00a0Abertura Oficial do Evento: ADM 2020<\/td>\n<\/tr>\n<tr>\n<td width=\"72\">\u00a019h45min<\/td>\n<td width=\"79\">\u00a021h45min<\/td>\n<td width=\"180\">Painel:<\/p>\n<p>\u201cO administrador como um agente integrador\u00a0na fronteira do conhecimento\u201d<\/td>\n<td width=\"255\">\u00a0Prof. Ph.D Ari Melo Mariano<\/p>\n<p>(UnB)<\/p>\n<p><a href=\"http:\/\/lattes.cnpq.br\/1289549574963790\">http:\/\/lattes.cnpq.br\/1289549574963790<\/a><\/td>\n<td width=\"444\">Objetivos do Painel:<\/p>\n<p>&#8211; Explanar a respeito o atual cen\u00e1rio do mercado, caracterizado pela digitaliza\u00e7\u00e3o e decis\u00f5es anal\u00edticas via dados;<\/p>\n<p>&#8211; Apresentar os fatores-chave da era dos dados (Data Science, Big Data Analytics e Big Data Comportamental);<\/p>\n<p>&#8211; Explicar a import\u00e2ncia do administrador no novo contexto de mercado.<\/td>\n<\/tr>\n<\/tbody>\n<\/table>\n<p>&nbsp;<\/p>\n<table width=\"100%\">\n<tbody>\n<tr>\n<td colspan=\"5\" width=\"100%\">\n<p style=\"text-align: center;\"><strong>PROGRAMA\u00c7\u00c3O ADM 2020<\/strong><\/p>\n<\/td>\n<\/tr>\n<tr>\n<td colspan=\"5\" width=\"100%\">\n<p style=\"text-align: center;\"><strong>20\/10\/2020 (TER\u00c7A)<\/strong><\/p>\n<\/td>\n<\/tr>\n<tr>\n<td width=\"72\"><strong>HOR\u00c1RIO INICIAL<\/strong><\/td>\n<td width=\"79\"><strong>HOR\u00c1RIO FINAL<\/strong><\/td>\n<td width=\"180\"><strong>EVENTO<\/strong><\/td>\n<td width=\"246\"><strong>FACILITADORES<\/strong><\/td>\n<td width=\"454\"><strong>OBJETIVOS DO EVENTO<\/strong><\/td>\n<\/tr>\n<tr>\n<td width=\"72\">9h<\/td>\n<td width=\"79\">11h<\/td>\n<td width=\"180\">\u00a0Minicurso:<\/p>\n<p>\u201cOutras economias: o caso da Economia solid\u00e1ria e da IESol\/UEPG\u201d<\/td>\n<td width=\"246\">Prof. Dra. Manuela Salau Brasil<\/p>\n<p>(IESol\/UEPG)<\/p>\n<p>http:\/\/lattes.cnpq.br\/8748123256810854<\/td>\n<td width=\"454\">Objetivos do Minicurso:<\/p>\n<p>&#8211; Apresentar e discutir a economia solid\u00e1ria como proposta te\u00f3rica e pr\u00e1tica na perspectiva de uma outra economia;<\/p>\n<p>&#8211; Apresentar a IESol\/UEPG.<\/td>\n<\/tr>\n<tr>\n<td width=\"72\">9h30min<\/td>\n<td width=\"79\">11h30min<\/td>\n<td width=\"180\">Minicurso:<\/p>\n<p>\u201cOrganiza\u00e7\u00e3o Pessoal e Profissional: Minimalismo como tend\u00eancia p\u00f3s-pandemia\u201d<\/td>\n<td width=\"246\">Adriana Carvalho Kurovski Schatz<\/p>\n<p>(Organiza\u00e7\u00e3o por Adriana Schatz)<\/td>\n<td width=\"454\">Objetivos do Minicurso:<\/p>\n<p>&#8211; Apresentar a import\u00e2ncia da organiza\u00e7\u00e3o pessoal e profissional no contexto atual;<\/p>\n<p>&#8211; Desmistificar os conceitos do minimalismo e apresentar seu papel na melhoria da qualidade de vida;<\/p>\n<p>&#8211; Indicar ferramentas pr\u00e1ticas que favorecem a organiza\u00e7\u00e3o no ambiente pessoal e profissional.<\/td>\n<\/tr>\n<tr>\n<td width=\"72\"><\/td>\n<td width=\"79\"><\/td>\n<td width=\"180\"><\/td>\n<td width=\"246\"><\/td>\n<td width=\"454\"><\/td>\n<\/tr>\n<tr>\n<td width=\"72\">\u00a014h<\/td>\n<td width=\"79\">16h<\/td>\n<td width=\"180\">Roda de Conversa:<\/p>\n<p>\u201cOs Novos Desafios do Est\u00e1gio\u201d<\/td>\n<td width=\"246\"><em>Debatedores:<\/em><\/p>\n<p>Cleonice Canan Soares (CIEE)<\/p>\n<p><a href=\"http:\/\/lattes.cnpq.br\/2013256527949218\">http:\/\/lattes.cnpq.br\/2013256527949218<\/a><\/p>\n<p>Larissa Pepe(ACIPG)<\/p>\n<p>Raissa Machado Ramos(ACIPG)<\/p>\n<p>Murilo Dropa (Prestes Construtora)<\/p>\n<p><a href=\"http:\/\/lattes.cnpq.br\/6398209555038078\">http:\/\/lattes.cnpq.br\/6398209555038078<\/a><\/p>\n<p>&nbsp;<\/p>\n<p><em>Mediador:<\/em><\/p>\n<p>Prof. Dr. Luiz Fernando Lara<\/p>\n<p>(UEPG)<\/p>\n<p><a href=\"http:\/\/lattes.cnpq.br\/6593298432478710\">http:\/\/lattes.cnpq.br\/6593298432478710<\/a><\/td>\n<td width=\"454\">Objetivos da Roda de Conversa:<\/p>\n<p>&#8211; Contextualizar o perfil do mercado de trabalho para est\u00e1gio na regi\u00e3o;<\/p>\n<p>&#8211; Descrever o perfil dos estagi\u00e1rios em administra\u00e7\u00e3o e Comex da UEPG;<\/p>\n<p>&#8211; Elencar as principais dificuldades dos contratantes e contratados em tempos de ensino remoto.<\/p>\n<p>&#8211; Apontar poss\u00edveis caminhos para que a experi\u00eancia de est\u00e1gio seja enriquecedora para acad\u00eamicos e proveitosa para os empres\u00e1rios.<\/td>\n<\/tr>\n<tr>\n<td width=\"72\">\u00a015h<\/td>\n<td width=\"79\">17h<\/td>\n<td width=\"180\">Mesa Redonda:<\/p>\n<p>\u201cInternacionaliza\u00e7\u00e3o Acad\u00eamica\u201d<\/td>\n<td width=\"246\"><em>Debatedores:<\/em><\/p>\n<p>Prof.\u00a0Dra. Sulany Silveira dos Santos<br \/>\n(Diretora Escrit\u00f3rio de Rela\u00e7\u00f5es Internacionais \/ UEPG)<br \/>\n<a href=\"http:\/\/lattes.cnpq.br\/6426262182600997\">http:\/\/lattes.cnpq.br\/6426262182600997<\/a><\/p>\n<p>Prof. Me. Eug\u00eanio Mauricio da Silva Neto (UEPG)<br \/>\n<a href=\"http:\/\/lattes.cnpq.br\/4377783025025926\">http:\/\/lattes.cnpq.br\/4377783025025926<\/a><\/p>\n<p>Prof. Dr. Juvancir da Silva (UEPG)<br \/>\n<a href=\"http:\/\/lattes.cnpq.br\/2547562131527998\">http:\/\/lattes.cnpq.br\/2547562131527998<\/a><\/p>\n<p>Amanda Hoeldtke Pietruchinski (UEPG)<br \/>\n<a href=\"http:\/\/lattes.cnpq.br\/7756198301806917\">http:\/\/lattes.cnpq.br\/7756198301806917<\/a><\/p>\n<p>Ernani Barbosa Lepka(UEPG)<br \/>\n<a href=\"http:\/\/lattes.cnpq.br\/9996127029091398\">http:\/\/lattes.cnpq.br\/9996127029091398<\/a><\/p>\n<p>Lucas Rocha Gebeluca(UEPG)<br \/>\n<a href=\"http:\/\/lattes.cnpq.br\/5347501691947405\">http:\/\/lattes.cnpq.br\/5347501691947405<\/a><\/p>\n<p><em>Mediadora:<\/em><\/p>\n<p>Prof. Dra. Carolina Scalise Taques Fonseca Schlumberger (UEPG)<br \/>\n<a href=\"http:\/\/lattes.cnpq.br\/0315847847144479\">http:\/\/lattes.cnpq.br\/0315847847144479<\/a><\/td>\n<td width=\"454\">Objetivos da Mesa Redonda:<\/p>\n<p>&#8211; Contribuir para o desenvolvimento da proposta de internacionaliza\u00e7\u00e3o do DEADM\/UEPG;<\/p>\n<p>&#8211; Identificar os principais desafios da internacionaliza\u00e7\u00e3o acad\u00eamica;<\/p>\n<p>&#8211; Identificar as principais estrat\u00e9gias de supera\u00e7\u00e3o dos desafios; conhecer o hist\u00f3rico de desafios enfrentados e estrat\u00e9gias de supera\u00e7\u00e3o adotadas dentro da UEPG, no que tange \u00e0 UEPG;<\/p>\n<p>&#8211; Identificar os benef\u00edcios para a comunidade acad\u00eamica como um todo e as especificidades de docentes, discentes e funcion\u00e1rios.<\/td>\n<\/tr>\n<tr>\n<td width=\"72\"><\/td>\n<td width=\"79\"><\/td>\n<td width=\"180\"><\/td>\n<td width=\"246\"><\/td>\n<td width=\"454\"><\/td>\n<\/tr>\n<tr>\n<td width=\"72\">\u00a019h<\/td>\n<td width=\"79\">20h30min<\/td>\n<td width=\"180\">Palestra: \u201cPandemia e Sa\u00fade Mental\u201d<\/td>\n<td width=\"246\">Prof. Dr. Fellipe Salgado<br \/>\nhttp:\/\/lattes.cnpq.br\/5630909005304932<\/td>\n<td width=\"454\">Objetivos da Palestra:<br \/>\nPromover uma educa\u00e7\u00e3o psicol\u00f3gica quanto a fatores de risco e prote\u00e7\u00e3o e a e din\u00e2micas de sa\u00fade\/sofrimento mental relativos ao per\u00edodo pand\u00eamico a partir da identifica\u00e7\u00e3o de fatores estressantes mais comuns ao per\u00edodo , a saber, os sintomas do espectro da Ansiedade e da Depress\u00e3o; por\u00e9m tamb\u00e9m aqueles chamados de conflitos relacionais psicossociais (separa\u00e7\u00f5es, dificuldade de se relacionar com o outro, irritabilidade dada nas rela\u00e7\u00f5es).<\/td>\n<\/tr>\n<\/tbody>\n<\/table>\n<p>&nbsp;<\/p>\n<table width=\"100%\">\n<tbody>\n<tr>\n<td colspan=\"5\" width=\"100%\"><strong>PROGRAMA\u00c7\u00c3O ADM 2020<\/strong><\/td>\n<\/tr>\n<tr>\n<td colspan=\"5\" width=\"100%\">\n<p style=\"text-align: center;\"><strong>21\/10\/2020 (QUARTA)<\/strong><\/p>\n<\/td>\n<\/tr>\n<tr>\n<td width=\"75\"><strong>HOR\u00c1RIO INICIAL<\/strong><\/td>\n<td width=\"85\"><strong>HOR\u00c1RIO FINAL<\/strong><\/td>\n<td width=\"170\"><strong>EVENTO<\/strong><\/td>\n<td width=\"246\"><strong>FACILITADORES<\/strong><\/td>\n<td width=\"454\"><strong>OBJETIVOS DO EVENTO<\/strong><\/td>\n<\/tr>\n<tr>\n<td width=\"75\">9h<\/td>\n<td width=\"85\">11h<\/td>\n<td width=\"170\">Roda de Conversa:<\/p>\n<p>\u201cAs Novas Fronteiras do G\u00eanero\u201d<\/td>\n<td width=\"246\"><em>Debatedoras: <\/em><\/p>\n<p>&nbsp;<\/p>\n<p>Prof. Dra. Maria Santana Ferreira dos Santos Milhomem<\/p>\n<p>(UFT)<\/p>\n<p><a href=\"http:\/\/lattes.cnpq.br\/1856156107385873\">http:\/\/lattes.cnpq.br\/1856156107385873<\/a><\/p>\n<p>&nbsp;<\/p>\n<p>Leila Rejeane Dobis Grik<\/p>\n<p>(SICREDI)<\/p>\n<p>&nbsp;<\/p>\n<p>&nbsp;<\/p>\n<p><em>Mediadora:<\/em><\/p>\n<p>Prof. Dra. Sirlei Moletta<\/p>\n<p>(UEPG)<\/p>\n<p><a href=\"http:\/\/lattes.cnpq.br\/1521800485229829\">http:\/\/lattes.cnpq.br\/1521800485229829<\/a><\/td>\n<td width=\"454\">Objetivos da Roda de Conversa:<\/p>\n<p>&#8211; Conhecer os alcances e limita\u00e7\u00f5es das carreiras de mulheres executivas no Brasil;<\/p>\n<p>&#8211; Levantar novas abordagens na estrutura\u00e7\u00e3o de carreiras para mulheres no Brasil;<\/p>\n<p>&#8211; Exemplificar como organiza\u00e7\u00f5es est\u00e3o tratando a inser\u00e7\u00e3o das mulheres nos quadros de colaboradores no Brasil;<\/p>\n<p>&#8211; Indicar os desafios da carreira das mulheres nas organiza\u00e7\u00f5es.<\/td>\n<\/tr>\n<tr>\n<td width=\"75\">10h<\/td>\n<td width=\"85\">11h30min<\/td>\n<td width=\"170\">Mesa Redonda:<\/p>\n<p>\u201cTransi\u00e7\u00e3o de uma Economia Linear para uma Economia Circular\u201d<\/td>\n<td width=\"246\"><em>Debatedores:<\/em><\/p>\n<p>Prof. Dra. Patricia Guarnieri<\/p>\n<p>(UnB)<\/p>\n<p>http:\/\/lattes.cnpq.br\/7909091619260597<\/p>\n<p>&nbsp;<\/p>\n<p>Prof. Me. Jorge Alfredo Streit<\/p>\n<p>(UnB)<\/p>\n<p><a href=\"http:\/\/lattes.cnpq.br\/8015635120323869\">http:\/\/lattes.cnpq.br\/8015635120323869<\/a><\/p>\n<p>&nbsp;<\/p>\n<p><em>Mediador: <\/em><\/p>\n<p>Prof. Dr. Juvancir da Silva<\/p>\n<p>(UEPG)<\/p>\n<p><a href=\"http:\/\/lattes.cnpq.br\/2547562131527998\">http:\/\/lattes.cnpq.br\/2547562131527998<\/a><\/td>\n<td width=\"454\">Objetivos da Mesa Redonda:<\/p>\n<p>Discutir as principais estrat\u00e9gias e caminhos para a transi\u00e7\u00e3o de uma economia linear para uma economia circular.<\/p>\n<p>A transi\u00e7\u00e3o da economia linear para a economia circular j\u00e1 \u00e9 realidade em pa\u00edses desenvolvidos, como por exemplo os membros da Comunidade Europeia, mas ainda est\u00e1 apenas no campo da discuss\u00e3o em pa\u00edses em desenvolvimento como o Brasil. Discutir caminhos e estrat\u00e9gias para conduzir a transi\u00e7\u00e3o para modelos mais sustent\u00e1veis, mais do que uma tend\u00eancia\u00a0 \u00e9 uma necessidade.<\/td>\n<\/tr>\n<tr>\n<td width=\"75\">14h<\/td>\n<td width=\"85\">17h<\/td>\n<td width=\"170\">Roda de Conversa: \u201cFronteiras entre as gera\u00e7\u00f5es: desafios e oportunidades para a Gest\u00e3o de Pessoas\u201d<\/td>\n<td width=\"246\">Prof. Me. Kaique Bento<\/p>\n<p>(MACKENZIE &#8211; SP)<\/p>\n<p><a href=\"http:\/\/lattes.cnpq.br\/0159181694024505\">http:\/\/lattes.cnpq.br\/0159181694024505<\/a><\/p>\n<p>&nbsp;<\/p>\n<p>Prof. Ma. Virginia Spinass\u00e9<\/p>\n<p>(AESGA &#8211; GARANHUNS\/PE)<\/p>\n<p><a href=\"http:\/\/lattes.cnpq.br\/0805114113582050\">http:\/\/lattes.cnpq.br\/0805114113582050<\/a><\/td>\n<td width=\"454\">Objetivos da Roda de Conversa:<\/p>\n<p>A idade n\u00e3o \u00e9 um crit\u00e9rio definidor do envelhecimento. Da mesma forma, o conhecimento n\u00e3o est\u00e1 cronologicamente ligado a uma fase espec\u00edfica da vida.<\/p>\n<p>A partir dessas premissas, al\u00e9m de discutir as barreiras e desafios inerentes a tais temas, essa Roda de Conversa ir\u00e1 abordar a aprendizagem intergeracional como uma ferramenta para partilha de conhecimentos entre indiv\u00edduos com idades diferentes, destacando como os aspectos de reciprocidade e parceria podem ser capazes de gerar integra\u00e7\u00e3o, novos conhecimentos e compartilhamento de valores e compet\u00eancias em prol do desenvolvimento individual e organizacional.<\/td>\n<\/tr>\n<tr>\n<td width=\"75\">15h<\/td>\n<td width=\"85\">17h<\/td>\n<td width=\"170\">Mesa Redonda:<\/p>\n<p>\u201cEducaci\u00f3n superior en l\u00ednea: Una mirada desde las trincheras Latinoamericanas\u201d<\/p>\n<p>&nbsp;<\/p>\n<p>\u201cOnline Higher Education: A view from the Latin American Trenches\u201d<\/td>\n<td width=\"246\">\n<p style=\"text-align: center;\">Dr. Jorge Arenas<br \/>\nUniversidad de Sevilla<br \/>\n(Espanha)<\/p>\n<p style=\"text-align: center;\">Dr. Luis Camacho<br \/>\nState University of New York<br \/>\n(Estados Unidos)<\/p>\n<p style=\"text-align: center;\">Dra. Elizabeth Grand\u00f3n<br \/>\nUniversidad del Biob\u00edo<br \/>\n(Chile)<\/p>\n<p style=\"text-align: center;\">Prof. Ph.D Ari Melo Mariano<br \/>\nUniversidade de Bras\u00edlia<br \/>\n(Brasil)<\/p>\n<p style=\"text-align: center;\">Dr. Felipe Machorro<br \/>\nUniversidad de las Americas<br \/>\n(M\u00e9xico)<\/p>\n<p style=\"text-align: center;\">Dr. Jorge Alfaro<br \/>\nUniversidad Cat\u00f3lica del Norte<br \/>\n(Chile)<\/p>\n<p style=\"text-align: center;\">Dr. Patricio Ram\u00edrez<br \/>\nUniversidad Cat\u00f3lica del Norte<br \/>\n(Chile)<\/p>\n<p style=\"text-align: center;\">Dr. Cristian Salazar<br \/>\nUniversidad Austral de Chile<br \/>\n(Chile)<\/p>\n<p style=\"text-align: center;\">Msc. Ing. Alberto Ayaviri<br \/>\nUniversidad Mayor, Real e Pontificia de San Francisco Xavier de Chuquisaca<br \/>\n(Bol\u00edvia)<\/p>\n<p style=\"text-align: center;\">Msc. Ing. Carolina Rojas<br \/>\nUniversidad Cat\u00f3lica del Norte<br \/>\n(Chile)<\/p>\n<\/td>\n<td width=\"454\">Objetivos de la Mesa Redonda:<\/p>\n<p>La educaci\u00f3n superior sufre la pandemia covid-19 de distinta manera en Latinoam\u00e9rica, sin embargo, los problemas asociados a la escasa disponibilidad de recursos y la ausencia de lineamientos generales para realizar docencia superior a distancia une estas dis\u00edmiles realidades. En este contexto, deseamos profundizar desde la experiencia de primera l\u00ednea de profesores universitarios de diversos pa\u00edses latinoamericanos las lecciones aprendidas, los \u00e9xitos, los fracasos y las proyecciones de futuro.<\/p>\n<p>En un espacio virtual se realizar\u00e1 una ronda de intervenciones y luego se contestar\u00e1n las preguntas de los asistentes. Los panelistas son de M\u00e9xico, Chile, Paraguay, Bolivia y Brasil.<\/td>\n<\/tr>\n<tr>\n<td width=\"75\"><\/td>\n<td width=\"85\"><\/td>\n<td width=\"170\"><\/td>\n<td width=\"246\"><\/td>\n<td width=\"454\"><\/td>\n<\/tr>\n<tr>\n<td width=\"75\">19h<\/td>\n<td width=\"85\">20h<\/td>\n<td colspan=\"3\" width=\"869\">Pr\u00eamio Professor S\u00e9rgio Escorsim: Divulga\u00e7\u00e3o dos artigos premiados<\/td>\n<\/tr>\n<tr>\n<td width=\"75\">20h<\/td>\n<td width=\"85\">21h45min<\/td>\n<td width=\"170\">Painel:<\/p>\n<p>\u201cMirando no Amanh\u00e3: poss\u00edveis caminhos, novos desafios, novas oportunidades.\u201d<\/td>\n<td width=\"246\">\u00a0Prof. Ph.D Ari Melo Mariano<\/p>\n<p>(UnB)<\/p>\n<p><a href=\"http:\/\/lattes.cnpq.br\/1289549574963790\">http:\/\/lattes.cnpq.br\/1289549574963790<\/a><\/td>\n<td width=\"454\">Objetivos do Painel:<br \/>\n&#8211; Refletir a respeito das mudan\u00e7as ocorridas;<br \/>\n&#8211; Apresentar como o coronav\u00edrus impactou o mercado e a sociedade como um todo;<br \/>\n&#8211; Exibir quais ser\u00e3o as novas tend\u00eancias e como os empreendedores, empres\u00e1rios e demais pessoas f\u00edsicas ou jur\u00eddicas podem aproveit\u00e1-las.<\/td>\n<\/tr>\n<\/tbody>\n<\/table>\n<p>&nbsp;<\/p>\n","protected":false},"excerpt":{"rendered":"<p>PROGRAMA\u00c7\u00c3O ADM 2020 19\/10\/2020 (SEGUNDA) HOR\u00c1RIO INICIAL HOR\u00c1RIO FINAL EVENTO FACILITADORES OBJETIVOS DO EVENTO 9h30min In\u00edcio das Atividades: \u00a0Apresenta\u00e7\u00e3o do Congresso ADM 2020 9h30min 11h Encontro: \u201cO papel social da Extens\u00e3o para a forma\u00e7\u00e3o acad\u00eamica: Opera\u00e7\u00e3o RONDON\u201d Facilitador: Prof. Me. Mario Cezar Lopes http:\/\/lattes.cnpq.br\/9374361509786525 Objetivos do Encontro: &#8211; Apresentar relatos pessoais de acad\u00eamicos e professores&nbsp;<\/p>\n<p><a class=\"btn btn-style\" href=\"https:\/\/admpg.com.br\/2020\/programacao\/\">Continue lendo<\/a><\/p>\n","protected":false},"author":2,"featured_media":0,"parent":0,"menu_order":0,"comment_status":"closed","ping_status":"closed","template":"","meta":[],"yoast_head":"<!-- This site is optimized with the Yoast SEO plugin v19.10 - https:\/\/yoast.com\/wordpress\/plugins\/seo\/ -->\n<title>Programa\u00e7\u00e3o ADM 2020 - ADM 2020<\/title>\n<meta name=\"robots\" content=\"index, follow, max-snippet:-1, max-image-preview:large, max-video-preview:-1\" \/>\n<link rel=\"canonical\" href=\"https:\/\/admpg.com.br\/2020\/programacao\/\" \/>\n<meta property=\"og:locale\" content=\"pt_BR\" \/>\n<meta property=\"og:type\" content=\"article\" \/>\n<meta property=\"og:title\" content=\"Programa\u00e7\u00e3o ADM 2020 - ADM 2020\" \/>\n<meta property=\"og:description\" content=\"PROGRAMA\u00c7\u00c3O ADM 2020 19\/10\/2020 (SEGUNDA) HOR\u00c1RIO INICIAL HOR\u00c1RIO FINAL EVENTO FACILITADORES OBJETIVOS DO EVENTO 9h30min In\u00edcio das Atividades: \u00a0Apresenta\u00e7\u00e3o do Congresso ADM 2020 9h30min 11h Encontro: \u201cO papel social da Extens\u00e3o para a forma\u00e7\u00e3o acad\u00eamica: Opera\u00e7\u00e3o RONDON\u201d Facilitador: Prof. Me. Mario Cezar Lopes http:\/\/lattes.cnpq.br\/9374361509786525 Objetivos do Encontro: &#8211; Apresentar relatos pessoais de acad\u00eamicos e professores&nbsp;Continue lendo\" \/>\n<meta property=\"og:url\" content=\"https:\/\/admpg.com.br\/2020\/programacao\/\" \/>\n<meta property=\"og:site_name\" content=\"ADM 2020\" \/>\n<meta property=\"article:modified_time\" content=\"2020-10-17T13:34:00+00:00\" \/>\n<meta name=\"twitter:card\" content=\"summary_large_image\" \/>\n<meta name=\"twitter:label1\" content=\"Est. tempo de leitura\" \/>\n\t<meta name=\"twitter:data1\" content=\"9 minutos\" \/>\n<script type=\"application\/ld+json\" class=\"yoast-schema-graph\">{\"@context\":\"https:\/\/schema.org\",\"@graph\":[{\"@type\":\"WebPage\",\"@id\":\"https:\/\/admpg.com.br\/2020\/programacao\/\",\"url\":\"https:\/\/admpg.com.br\/2020\/programacao\/\",\"name\":\"Programa\u00e7\u00e3o ADM 2020 - ADM 2020\",\"isPartOf\":{\"@id\":\"https:\/\/admpg.com.br\/2020\/#website\"},\"datePublished\":\"2020-09-08T12:43:11+00:00\",\"dateModified\":\"2020-10-17T13:34:00+00:00\",\"breadcrumb\":{\"@id\":\"https:\/\/admpg.com.br\/2020\/programacao\/#breadcrumb\"},\"inLanguage\":\"pt-BR\",\"potentialAction\":[{\"@type\":\"ReadAction\",\"target\":[\"https:\/\/admpg.com.br\/2020\/programacao\/\"]}]},{\"@type\":\"BreadcrumbList\",\"@id\":\"https:\/\/admpg.com.br\/2020\/programacao\/#breadcrumb\",\"itemListElement\":[{\"@type\":\"ListItem\",\"position\":1,\"name\":\"In\u00edcio\",\"item\":\"https:\/\/admpg.com.br\/2020\/\"},{\"@type\":\"ListItem\",\"position\":2,\"name\":\"Programa\u00e7\u00e3o ADM 2020\"}]},{\"@type\":\"WebSite\",\"@id\":\"https:\/\/admpg.com.br\/2020\/#website\",\"url\":\"https:\/\/admpg.com.br\/2020\/\",\"name\":\"ADM 2020\",\"description\":\"Congresso Internacional de Administra\u00e7\u00e3o 2019\",\"potentialAction\":[{\"@type\":\"SearchAction\",\"target\":{\"@type\":\"EntryPoint\",\"urlTemplate\":\"https:\/\/admpg.com.br\/2020\/?s={search_term_string}\"},\"query-input\":\"required name=search_term_string\"}],\"inLanguage\":\"pt-BR\"}]}<\/script>\n<!-- \/ Yoast SEO plugin. -->","yoast_head_json":{"title":"Programa\u00e7\u00e3o ADM 2020 - ADM 2020","robots":{"index":"index","follow":"follow","max-snippet":"max-snippet:-1","max-image-preview":"max-image-preview:large","max-video-preview":"max-video-preview:-1"},"canonical":"https:\/\/admpg.com.br\/2020\/programacao\/","og_locale":"pt_BR","og_type":"article","og_title":"Programa\u00e7\u00e3o ADM 2020 - ADM 2020","og_description":"PROGRAMA\u00c7\u00c3O ADM 2020 19\/10\/2020 (SEGUNDA) HOR\u00c1RIO INICIAL HOR\u00c1RIO FINAL EVENTO FACILITADORES OBJETIVOS DO EVENTO 9h30min In\u00edcio das Atividades: \u00a0Apresenta\u00e7\u00e3o do Congresso ADM 2020 9h30min 11h Encontro: \u201cO papel social da Extens\u00e3o para a forma\u00e7\u00e3o acad\u00eamica: Opera\u00e7\u00e3o RONDON\u201d Facilitador: Prof. Me. Mario Cezar Lopes http:\/\/lattes.cnpq.br\/9374361509786525 Objetivos do Encontro: &#8211; Apresentar relatos pessoais de acad\u00eamicos e professores&nbsp;Continue lendo","og_url":"https:\/\/admpg.com.br\/2020\/programacao\/","og_site_name":"ADM 2020","article_modified_time":"2020-10-17T13:34:00+00:00","twitter_card":"summary_large_image","twitter_misc":{"Est. tempo de leitura":"9 minutos"},"schema":{"@context":"https:\/\/schema.org","@graph":[{"@type":"WebPage","@id":"https:\/\/admpg.com.br\/2020\/programacao\/","url":"https:\/\/admpg.com.br\/2020\/programacao\/","name":"Programa\u00e7\u00e3o ADM 2020 - ADM 2020","isPartOf":{"@id":"https:\/\/admpg.com.br\/2020\/#website"},"datePublished":"2020-09-08T12:43:11+00:00","dateModified":"2020-10-17T13:34:00+00:00","breadcrumb":{"@id":"https:\/\/admpg.com.br\/2020\/programacao\/#breadcrumb"},"inLanguage":"pt-BR","potentialAction":[{"@type":"ReadAction","target":["https:\/\/admpg.com.br\/2020\/programacao\/"]}]},{"@type":"BreadcrumbList","@id":"https:\/\/admpg.com.br\/2020\/programacao\/#breadcrumb","itemListElement":[{"@type":"ListItem","position":1,"name":"In\u00edcio","item":"https:\/\/admpg.com.br\/2020\/"},{"@type":"ListItem","position":2,"name":"Programa\u00e7\u00e3o ADM 2020"}]},{"@type":"WebSite","@id":"https:\/\/admpg.com.br\/2020\/#website","url":"https:\/\/admpg.com.br\/2020\/","name":"ADM 2020","description":"Congresso Internacional de Administra\u00e7\u00e3o 2019","potentialAction":[{"@type":"SearchAction","target":{"@type":"EntryPoint","urlTemplate":"https:\/\/admpg.com.br\/2020\/?s={search_term_string}"},"query-input":"required name=search_term_string"}],"inLanguage":"pt-BR"}]}},"_links":{"self":[{"href":"https:\/\/admpg.com.br\/2020\/wp-json\/wp\/v2\/pages\/2974"}],"collection":[{"href":"https:\/\/admpg.com.br\/2020\/wp-json\/wp\/v2\/pages"}],"about":[{"href":"https:\/\/admpg.com.br\/2020\/wp-json\/wp\/v2\/types\/page"}],"author":[{"embeddable":true,"href":"https:\/\/admpg.com.br\/2020\/wp-json\/wp\/v2\/users\/2"}],"replies":[{"embeddable":true,"href":"https:\/\/admpg.com.br\/2020\/wp-json\/wp\/v2\/comments?post=2974"}],"version-history":[{"count":17,"href":"https:\/\/admpg.com.br\/2020\/wp-json\/wp\/v2\/pages\/2974\/revisions"}],"predecessor-version":[{"id":3118,"href":"https:\/\/admpg.com.br\/2020\/wp-json\/wp\/v2\/pages\/2974\/revisions\/3118"}],"wp:attachment":[{"href":"https:\/\/admpg.com.br\/2020\/wp-json\/wp\/v2\/media?parent=2974"}],"curies":[{"name":"wp","href":"https:\/\/api.w.org\/{rel}","templated":true}]}}