{"id":2232,"date":"2019-08-22T18:42:09","date_gmt":"2019-08-22T18:42:09","guid":{"rendered":"http:\/\/admpg.com.br\/2020\/?page_id=2232"},"modified":"2020-10-28T14:25:15","modified_gmt":"2020-10-28T14:25:15","slug":"indicados-premio-sergio-escorsim","status":"publish","type":"page","link":"https:\/\/admpg.com.br\/2020\/indicados-premio-sergio-escorsim\/","title":{"rendered":"Indicados &#8211; Pr\u00eamio Professor S\u00e9rgio Escorsim"},"content":{"rendered":"<p>&nbsp;<\/p>\n<p>O Pr\u00eamio Professor S\u00e9rgio Escorsim \u00e9 assim denominado, para homenagear o professor da Universidade Estadual de Ponta Grossa que, com vasta experi\u00eancia em gest\u00e3o empresarial, foi um dos idealizadores do que hoje \u00e9 o Congresso Internacional de Administra\u00e7\u00e3o e grande incentivador da instala\u00e7\u00e3o do Parque Eco Tecnol\u00f3gico.<\/p>\n<p>Segue a lista dos artigos selecionados EM ORDEM ALFAB\u00c9TICA por \u00e1rea e t\u00edtulo do trabalho.<\/p>\n<p><strong>*A divulga\u00e7\u00e3o da classifica\u00e7\u00e3o ser\u00e1 realizada somente durante o evento.<\/strong><\/p>\n<table width=\"963\">\n<tbody>\n<tr>\n<td style=\"text-align: center;\" width=\"675\"><strong>T\u00edtulo<\/strong><\/td>\n<td style=\"text-align: center;\" width=\"288\"><strong>Autores<\/strong><\/td>\n<\/tr>\n<tr>\n<td style=\"text-align: center;\" colspan=\"2\" width=\"963\"><strong>1. Administra\u00e7\u00e3o da Informa\u00e7\u00e3o \/ Administraci\u00f3n de la Informaci\u00f3n<\/strong><\/td>\n<\/tr>\n<tr>\n<td width=\"675\">CARREIRA PROFISSIONAL E PROCESSO DECIS\u00d3RIO: UM ESTUDO SOBRE A HEUR\u00cdSTICA DA DISPONIBILIDADE E SEU IMPACTO NAS ESCOLHAS PROFISSIONAIS DO ADMINISTRADOR EM FORMA\u00c7\u00c3O NA UFRPE<\/td>\n<td width=\"288\">Marco Aur\u00e9lio Benevides de Pinho<br \/>\nDem\u00e9trius Figueiredo de Andrade dos Santos<br \/>\nDayse Myrthes Valen\u00e7a da Silva Almeida<br \/>\nAlessandra Carla Ceolin<br \/>\nMilena de Carvalho da Cunha<\/td>\n<\/tr>\n<tr>\n<td width=\"675\">PESQUISA OPERACIONAL APLICADA \u00c0 ADMINISTRA\u00c7\u00c3O NA TOMADA DE DECIS\u00c3O<\/td>\n<td width=\"288\">Miriam Bueno<br \/>\nBianca Ferreira Garcia<br \/>\nEduardo Meireles<\/td>\n<\/tr>\n<tr>\n<td width=\"675\">TOMADA DE DECIS\u00c3O DE PROJETOS TECNOL\u00d3GICOS UTILIZANDO ANALYTIC HIERARCHY PROCESS (AHP)<\/td>\n<td width=\"288\">Irian Thais Costa<br \/>\nJanaine Daiane Rodrigues<br \/>\nDaiane Maria de Genaro Chiroli<\/td>\n<\/tr>\n<tr>\n<td colspan=\"2\" width=\"963\"><\/td>\n<\/tr>\n<tr>\n<td style=\"text-align: center;\" colspan=\"2\" width=\"963\"><strong>2. Administra\u00e7\u00e3o P\u00fablica \/ Administraci\u00f3n P\u00fablica<\/strong><\/td>\n<\/tr>\n<tr>\n<td width=\"675\">AN\u00c1LISE DO PLANEJAMENTO ESTRAT\u00c9GICO EM GEST\u00c3O DA SA\u00daDE DA PREFEITURA MUNICIPAL DE ITAQUITINGA-PE<\/td>\n<td width=\"288\">Alessandra Carla Ceolin<br \/>\nRenee Mendes Torres<br \/>\nMilena de Carvalho da Cunha<br \/>\nRafaela Rodrigues Lins<br \/>\nIzabelli Lima<\/td>\n<\/tr>\n<tr>\n<td width=\"675\">ATUA\u00c7\u00c3O DOS PROFISSIONAIS DE ENFERMAGEM COMO GESTORES EM UNIDADES DE SA\u00daDE FAMILIAR<\/td>\n<td width=\"288\">Alessandra Carla Ceolin<br \/>\nJoyce Fernanda Ferreira da Silva<br \/>\nMilena de Carvalho Cunha<br \/>\nRafaela Rodrigues Lins<br \/>\nDayse Myrthes Valen\u00e7a da Silva Almeida<\/td>\n<\/tr>\n<tr>\n<td width=\"675\">PROJETO DE LEI DO SENADO N. 439\/2015: O IMPACTO DA REGULAMENTA\u00c7\u00c3O DA PROFISS\u00c3O DOS ADMINISTRADORES NO SETOR P\u00daBLICO<\/td>\n<td width=\"288\">Carla Janaina Hanneck<\/td>\n<\/tr>\n<tr>\n<td width=\"675\"><\/td>\n<td width=\"288\"><\/td>\n<\/tr>\n<tr>\n<td style=\"text-align: center;\" colspan=\"2\" width=\"963\"><strong>3. Estudos Organizacionais \/ Estudios Organizacionales<\/strong><\/td>\n<\/tr>\n<tr>\n<td width=\"675\">A COR DA PANDEMIA \u2013 UM ESTUDO SOBRE A MORTALIDADE POR COVID-19 ENTRE BRANCOS E NEGROS NO BRASIL<\/td>\n<td width=\"288\">Edy Lawson Silva Santos<br \/>\nJairo Taufick<\/td>\n<\/tr>\n<tr>\n<td width=\"675\">COMPREENDENDO A LIDERAN\u00c7A A PARTIR DA PERSPECTIVA DA INTELIG\u00caNCIA EMOCIONAL E GEST\u00c3O DAS EMO\u00c7\u00d5ES: UM ESTUDO BIBLIOM\u00c9TRICO<\/td>\n<td width=\"288\">Ana Luiza Santos Terra<br \/>\nPatr\u00edcia Fonseca de Souza Chaves<br \/>\nCristiane Gontijo Ara\u00fajo<\/td>\n<\/tr>\n<tr>\n<td width=\"675\">SUCESS\u00c3O FAMILIAR: O CASO DO ASSENTAMENTO SANTA OLGA NO MUNIC\u00cdPIO DE NOVA ANDRADINA\/MS<\/td>\n<td width=\"288\">Fabiano Greter Moreira<\/td>\n<\/tr>\n<tr>\n<td colspan=\"2\" width=\"963\"><\/td>\n<\/tr>\n<tr>\n<td style=\"text-align: center;\" colspan=\"2\" width=\"963\"><strong>4. Ensino e Pesquisa em Administra\u00e7\u00e3o \/ Ense\u00f1anza e Investigaci\u00f3n en Administraci\u00f3n<\/strong><\/td>\n<\/tr>\n<tr>\n<td width=\"675\">ESTUDO DE CASO DE CUSTOS DE PRODU\u00c7\u00c3O DA AVICULTURA: INTEGRADO E INTEGRADORA NA REGI\u00c3O OESTE DO PARAN\u00c1<\/td>\n<td width=\"288\">Germano de Paula<br \/>\nWerner Engel<br \/>\nEdson Knaul<br \/>\nSamoel Nicolau Hanel<br \/>\nVanessa Bottoni dos Santos<\/td>\n<\/tr>\n<tr>\n<td width=\"675\">GAMIFICA\u00c7\u00c3O E STORYTELLING COMO ESTRAT\u00c9GIAS DE ENSINO E APRENDIZAGEM EM GEST\u00c3O DE PESSOAS<\/td>\n<td width=\"288\">Daniel Barrosa de Ribeiro<br \/>\nMaria Irisnete Barbosa Lima<br \/>\nAna Vit\u00f3ria Monteiro Costa<br \/>\nMichelle de Souza Oliveira<br \/>\nAna Karoline de Oliveira Gon\u00e7alves<\/td>\n<\/tr>\n<tr>\n<td width=\"675\">LIBERDADE DE C\u00c1TEDRA: AN\u00c1LISE DA PERCEP\u00c7\u00c3O DE DOCENTES DO \u00c1REA DE ADMINISTRA\u00c7\u00c3O<\/td>\n<td width=\"288\">Emanuel Campigotto Sandri<br \/>\nGiovani Cruzara<br \/>\nJane Mendes Ferreira Fernandes<br \/>\nAna Paula Mussi Szabo Cherobim<br \/>\nJulia Mitsue Vieira Cruz Kumasaka<\/td>\n<\/tr>\n<tr>\n<td colspan=\"2\" width=\"963\"><\/td>\n<\/tr>\n<tr>\n<td style=\"text-align: center;\" colspan=\"2\" width=\"963\"><strong>5. Estrat\u00e9gia em Organiza\u00e7\u00f5es \/ Estrategia en las Organizaciones<\/strong><\/td>\n<\/tr>\n<tr>\n<td width=\"675\">A INTERCULTURALIDADE E OS NEG\u00d3CIOS INTERNACIONAIS: UMA REFLEX\u00c3O TE\u00d3RICA<\/td>\n<td width=\"288\">Gislaine Martinelli Baniski<br \/>\nAdriana Grezielly Fabrini<br \/>\nCesar Eduardo Abud Limas<\/td>\n<\/tr>\n<tr>\n<td width=\"675\">ESTRAT\u00c9GIAS EMPRESARIAIS EM PER\u00cdODOS DE CRISE: UM ESTUDO NO RAMO IMOBILI\u00c1RIO DE PORTO ALEGRE\/RS<\/td>\n<td width=\"288\">L\u00e9ia Maria Erlich Ruwer<br \/>\nHamilton Luis Kleinowski<br \/>\nTayrone Rocha de Souza<\/td>\n<\/tr>\n<tr>\n<td width=\"675\">ORIENTA\u00c7\u00c3O ESTRAT\u00c9GICA: AN\u00c1LISE BIBLIOM\u00c9TRICA DAS PUBLICA\u00c7\u00d5ES DA \u00daLTIMA D\u00c9CADA<\/td>\n<td width=\"288\">Dem\u00e9trio de Mendon\u00e7a J\u00fanior<br \/>\nMath\u00e4us Freitag Dallagnol<\/td>\n<\/tr>\n<tr>\n<td colspan=\"2\" width=\"963\"><\/td>\n<\/tr>\n<tr>\n<td style=\"text-align: center;\" colspan=\"2\" width=\"963\"><strong>6. Finan\u00e7as \/ Finanzas<\/strong><\/td>\n<\/tr>\n<tr>\n<td width=\"675\">GEST\u00c3O DE CONDOM\u00cdNIOS: PROTE\u00c7\u00c3O CONTRA ERROS E FRAUDES \u00c0 LUZ DA CONTABILIDADE, CONTROLADORIA E AUDITORIA NO BRASIL<\/td>\n<td width=\"288\">IEDA MARIA ZAVATIERI<\/td>\n<\/tr>\n<tr>\n<td width=\"675\">Impactos do gerenciamento de resultados em instabilidade pol\u00edtica: evid\u00eancias em empresas brasileiras<\/td>\n<td width=\"288\">Erica Juvercina<br \/>\nAntonio S\u00e9rgio Torres Penedo<br \/>\nVinicius Silva Pereira<\/td>\n<\/tr>\n<tr>\n<td width=\"675\">PIOTROSKI, GRAHAM AND GREENBLATT: AN EMPIRICAL APPROACH TO VALUE INVESTING IN THE BRAZILIAN STOCK MARKET<\/td>\n<td width=\"288\">Carlos Henrique Souza Domingues<br \/>\nAlexandre Vasconcelos Aronne<br \/>\nFrancisco de Paula Pereira Junior<br \/>\nFrank Magalhes de Pinho<\/td>\n<\/tr>\n<tr>\n<td colspan=\"2\" width=\"963\"><\/td>\n<\/tr>\n<tr>\n<td style=\"text-align: center;\" colspan=\"2\" width=\"963\"><strong>7. Inova\u00e7\u00e3o, Tecnologia e Empreendedorismo \/ Innovaci\u00f3n, Tecnolog\u00eda y Emprendedurismo<\/strong><\/td>\n<\/tr>\n<tr>\n<td width=\"675\">COMPET\u00caNCIAS EMPREENDEDORAS E OS MICROFUNDAMENTOS DAS CAPACIDADES DIN\u00c2MICAS: ESTUDO DE CASO PILOTO EM UMA STARTUP UNIVERSIT\u00c1RIA<\/td>\n<td width=\"288\">Vivien Kaniak<br \/>\nOlivia Schiavon<br \/>\nDaniel Valoto<br \/>\nHeitor Kato<\/td>\n<\/tr>\n<tr>\n<td width=\"675\">FLEXIBILIDADE COGNITIVA E AUTOEFIC\u00c1CIA EMPREENDEDORA: UM ESTUDO COM L\u00cdDERES DE JOVENS EMPRES\u00c1RIOS DE DIVERSOS PA\u00cdSES<\/td>\n<td width=\"288\">Suzete Antonieta Lizote<br \/>\nDouglas Schwolk Fontan Ayres de Aguirre<\/td>\n<\/tr>\n<tr>\n<td width=\"675\">PRODU\u00c7\u00c3O CIENT\u00cdFICA SOBRE INOVA\u00c7\u00c3O SOCIAL EM PERI\u00d3DICOS BRASILEIROS DE ADMINISTRA\u00c7\u00c3O COM ALTO IMPACTO<\/td>\n<td width=\"288\">Mariana Alvarenga<br \/>\nNei Antonio Nunes<br \/>\nJacir Leonir Casagrande<\/td>\n<\/tr>\n<tr>\n<td colspan=\"2\" width=\"963\"><\/td>\n<\/tr>\n<tr>\n<td style=\"text-align: center;\" colspan=\"2\" width=\"963\"><strong>8. Gest\u00e3o de Opera\u00e7\u00f5es e Log\u00edstica \/ Gesti\u00f3n de Operaciones y Log\u00edstica<\/strong><\/td>\n<\/tr>\n<tr>\n<td width=\"675\">GEST\u00c3O DE OPERA\u00c7\u00d5ES: PROPOSTA DE MELHORIA DO ARRANJO F\u00cdSICO DE UMA EMPRESA DA IND\u00daSTRIA METAL-MEC\u00c2NICA \u00c0 LUZ DOS CONCEITOS DA PRODU\u00c7\u00c3O ENXUTA<\/td>\n<td width=\"288\">Mateus Marcon Simionato<br \/>\nJuliana Kurek<br \/>\nTha\u00eds Muraro Simionato<\/td>\n<\/tr>\n<tr>\n<td width=\"675\">GEST\u00c3O DE RISCOS DE ACIDENTES DE TRABALHO: PANORAMA DA PRODU\u00c7\u00c3O CIENT\u00cdFICA INTERNACIONAL<\/td>\n<td width=\"288\">Alex Gon\u00e7alves<br \/>\nThatiane Dums Gon\u00e7alves<\/td>\n<\/tr>\n<tr>\n<td width=\"675\">MODELO MULTICRIT\u00c9RIO CONSTRUTIVISTA PARA APOIAR O PLANEJAMENTO DA CRIA\u00c7\u00c3O DE UM SELO DE QUALIDADE DA MOVIMENTA\u00c7\u00c3O DE CARGAS PELOS PORTOS CATARINENSES<\/td>\n<td width=\"288\">Maur\u00edcio Andrade Rambo<br \/>\nLeonardo Ensslin<br \/>\nAdemar Dutra<br \/>\nSandra Rolim Ensslin<\/td>\n<\/tr>\n<tr>\n<td colspan=\"2\" width=\"963\"><\/td>\n<\/tr>\n<tr>\n<td style=\"text-align: center;\" colspan=\"2\" width=\"963\"><strong>9. Gest\u00e3o de Pessoas \/ Gesti\u00f3n del Talento Humano<\/strong><\/td>\n<\/tr>\n<tr>\n<td width=\"675\">A INFLU\u00caNCIA DO CLIMA ORGANIZACIONAL NA CAPACIDADE ABSORTIVA E INOVA\u00c7\u00c3O<\/td>\n<td width=\"288\">Luciano Trentin<\/td>\n<\/tr>\n<tr>\n<td width=\"675\">ASS\u00c9DIO MORAL: A VIOL\u00caNCIA SILENCIOSA NO COTIDIANO DAS MULHERES<\/td>\n<td width=\"288\">Reginaldo Adriano de Souza<br \/>\nWaleska de Carvalho Souza<br \/>\nLilian Beatriz Ferreira Longo<br \/>\nRita de C\u00e1ssia Martins de Oliveira Ventura<br \/>\nMarcelus Xavier Oliveira<\/td>\n<\/tr>\n<tr>\n<td width=\"675\">PR\u00c1TICAS DE GEST\u00c3O DE PESSOAS NA IMPLEMENTA\u00c7\u00c3O DA MANUFATURA ENXUTA<\/td>\n<td width=\"288\">Luciano Trentin<\/td>\n<\/tr>\n<tr>\n<td colspan=\"2\" width=\"963\"><\/td>\n<\/tr>\n<tr>\n<td style=\"text-align: center;\" colspan=\"2\" width=\"963\"><strong>10. Marketing \/ Marketing<\/strong><\/td>\n<\/tr>\n<tr>\n<td width=\"675\">AN\u00c1LISE DA SATISFA\u00c7\u00c3O DO CLIENTE ATRAV\u00c9S DE UMA ABORDAGEM MULTIVARIADA: UM ESTUDO DE CASO<\/td>\n<td width=\"288\">Michele Kremer Sott<br \/>\nMariluza Sott Bender<br \/>\nLeonardo Bertolin Furstenau<br \/>\nRayssa Becchi dos Santos<\/td>\n<\/tr>\n<tr>\n<td width=\"675\">MARCAS REGIONAIS DE LATIC\u00cdNIOS: UM ESTUDO SOBRE A PERCEP\u00c7\u00c3O DE VALOR DO CONSUMIDOR DE PARNA\u00cdBA \u2013 PI<\/td>\n<td width=\"288\">Mara \u00c1guida Porf\u00edrio Moura<br \/>\nFernanda Umbelina do Nascimento<br \/>\nKelsen Arc\u00e2ngelo Ferreira e Silva<\/td>\n<\/tr>\n<tr>\n<td width=\"675\">MARKETING VERDE: UMA AN\u00c1LISE SOBRE OS PROCEDIMENTOS UTILIZADOS NO SESC PRAIA.<\/td>\n<td width=\"288\">Juliana Cristina de Azevedo<br \/>\nMara Aguida Porfirio Moura<br \/>\nKelsen Arcangelo Ferreira e Silva<\/td>\n<\/tr>\n<\/tbody>\n<\/table>\n","protected":false},"excerpt":{"rendered":"<p>&nbsp; O Pr\u00eamio Professor S\u00e9rgio Escorsim \u00e9 assim denominado, para homenagear o professor da Universidade Estadual de Ponta Grossa que, com vasta experi\u00eancia em gest\u00e3o empresarial, foi um dos idealizadores do que hoje \u00e9 o Congresso Internacional de Administra\u00e7\u00e3o e grande incentivador da instala\u00e7\u00e3o do Parque Eco Tecnol\u00f3gico. Segue a lista dos artigos selecionados EM&nbsp;<\/p>\n<p><a class=\"btn btn-style\" href=\"https:\/\/admpg.com.br\/2020\/indicados-premio-sergio-escorsim\/\">Continue lendo<\/a><\/p>\n","protected":false},"author":1,"featured_media":2964,"parent":0,"menu_order":0,"comment_status":"closed","ping_status":"closed","template":"","meta":[],"yoast_head":"<!-- This site is optimized with the Yoast SEO plugin v19.10 - https:\/\/yoast.com\/wordpress\/plugins\/seo\/ -->\n<title>Indicados - Pr\u00eamio Professor S\u00e9rgio Escorsim - ADM 2020<\/title>\n<meta name=\"robots\" content=\"index, follow, max-snippet:-1, max-image-preview:large, max-video-preview:-1\" \/>\n<link rel=\"canonical\" href=\"https:\/\/admpg.com.br\/2020\/indicados-premio-sergio-escorsim\/\" \/>\n<meta property=\"og:locale\" content=\"pt_BR\" \/>\n<meta property=\"og:type\" content=\"article\" \/>\n<meta property=\"og:title\" content=\"Indicados - Pr\u00eamio Professor S\u00e9rgio Escorsim - ADM 2020\" \/>\n<meta property=\"og:description\" content=\"&nbsp; O Pr\u00eamio Professor S\u00e9rgio Escorsim \u00e9 assim denominado, para homenagear o professor da Universidade Estadual de Ponta Grossa que, com vasta experi\u00eancia em gest\u00e3o empresarial, foi um dos idealizadores do que hoje \u00e9 o Congresso Internacional de Administra\u00e7\u00e3o e grande incentivador da instala\u00e7\u00e3o do Parque Eco Tecnol\u00f3gico. Segue a lista dos artigos selecionados EM&nbsp;Continue lendo\" \/>\n<meta property=\"og:url\" content=\"https:\/\/admpg.com.br\/2020\/indicados-premio-sergio-escorsim\/\" \/>\n<meta property=\"og:site_name\" content=\"ADM 2020\" \/>\n<meta property=\"article:modified_time\" content=\"2020-10-28T14:25:15+00:00\" \/>\n<meta property=\"og:image\" content=\"https:\/\/admpg.com.br\/2020\/wp-content\/uploads\/2020\/09\/ADM-2020-Banner-Site-Premio.jpg\" \/>\n\t<meta property=\"og:image:width\" content=\"1200\" \/>\n\t<meta property=\"og:image:height\" content=\"630\" \/>\n\t<meta property=\"og:image:type\" content=\"image\/jpeg\" \/>\n<meta name=\"twitter:card\" content=\"summary_large_image\" \/>\n<meta name=\"twitter:label1\" content=\"Est. tempo de leitura\" \/>\n\t<meta name=\"twitter:data1\" content=\"5 minutos\" \/>\n<script type=\"application\/ld+json\" class=\"yoast-schema-graph\">{\"@context\":\"https:\/\/schema.org\",\"@graph\":[{\"@type\":\"WebPage\",\"@id\":\"https:\/\/admpg.com.br\/2020\/indicados-premio-sergio-escorsim\/\",\"url\":\"https:\/\/admpg.com.br\/2020\/indicados-premio-sergio-escorsim\/\",\"name\":\"Indicados - Pr\u00eamio Professor S\u00e9rgio Escorsim - ADM 2020\",\"isPartOf\":{\"@id\":\"https:\/\/admpg.com.br\/2020\/#website\"},\"datePublished\":\"2019-08-22T18:42:09+00:00\",\"dateModified\":\"2020-10-28T14:25:15+00:00\",\"breadcrumb\":{\"@id\":\"https:\/\/admpg.com.br\/2020\/indicados-premio-sergio-escorsim\/#breadcrumb\"},\"inLanguage\":\"pt-BR\",\"potentialAction\":[{\"@type\":\"ReadAction\",\"target\":[\"https:\/\/admpg.com.br\/2020\/indicados-premio-sergio-escorsim\/\"]}]},{\"@type\":\"BreadcrumbList\",\"@id\":\"https:\/\/admpg.com.br\/2020\/indicados-premio-sergio-escorsim\/#breadcrumb\",\"itemListElement\":[{\"@type\":\"ListItem\",\"position\":1,\"name\":\"In\u00edcio\",\"item\":\"https:\/\/admpg.com.br\/2020\/\"},{\"@type\":\"ListItem\",\"position\":2,\"name\":\"Indicados &#8211; Pr\u00eamio Professor S\u00e9rgio Escorsim\"}]},{\"@type\":\"WebSite\",\"@id\":\"https:\/\/admpg.com.br\/2020\/#website\",\"url\":\"https:\/\/admpg.com.br\/2020\/\",\"name\":\"ADM 2020\",\"description\":\"Congresso Internacional de Administra\u00e7\u00e3o 2019\",\"potentialAction\":[{\"@type\":\"SearchAction\",\"target\":{\"@type\":\"EntryPoint\",\"urlTemplate\":\"https:\/\/admpg.com.br\/2020\/?s={search_term_string}\"},\"query-input\":\"required name=search_term_string\"}],\"inLanguage\":\"pt-BR\"}]}<\/script>\n<!-- \/ Yoast SEO plugin. -->","yoast_head_json":{"title":"Indicados - Pr\u00eamio Professor S\u00e9rgio Escorsim - ADM 2020","robots":{"index":"index","follow":"follow","max-snippet":"max-snippet:-1","max-image-preview":"max-image-preview:large","max-video-preview":"max-video-preview:-1"},"canonical":"https:\/\/admpg.com.br\/2020\/indicados-premio-sergio-escorsim\/","og_locale":"pt_BR","og_type":"article","og_title":"Indicados - Pr\u00eamio Professor S\u00e9rgio Escorsim - ADM 2020","og_description":"&nbsp; O Pr\u00eamio Professor S\u00e9rgio Escorsim \u00e9 assim denominado, para homenagear o professor da Universidade Estadual de Ponta Grossa que, com vasta experi\u00eancia em gest\u00e3o empresarial, foi um dos idealizadores do que hoje \u00e9 o Congresso Internacional de Administra\u00e7\u00e3o e grande incentivador da instala\u00e7\u00e3o do Parque Eco Tecnol\u00f3gico. Segue a lista dos artigos selecionados EM&nbsp;Continue lendo","og_url":"https:\/\/admpg.com.br\/2020\/indicados-premio-sergio-escorsim\/","og_site_name":"ADM 2020","article_modified_time":"2020-10-28T14:25:15+00:00","og_image":[{"width":1200,"height":630,"url":"https:\/\/admpg.com.br\/2020\/wp-content\/uploads\/2020\/09\/ADM-2020-Banner-Site-Premio.jpg","type":"image\/jpeg"}],"twitter_card":"summary_large_image","twitter_misc":{"Est. tempo de leitura":"5 minutos"},"schema":{"@context":"https:\/\/schema.org","@graph":[{"@type":"WebPage","@id":"https:\/\/admpg.com.br\/2020\/indicados-premio-sergio-escorsim\/","url":"https:\/\/admpg.com.br\/2020\/indicados-premio-sergio-escorsim\/","name":"Indicados - Pr\u00eamio Professor S\u00e9rgio Escorsim - ADM 2020","isPartOf":{"@id":"https:\/\/admpg.com.br\/2020\/#website"},"datePublished":"2019-08-22T18:42:09+00:00","dateModified":"2020-10-28T14:25:15+00:00","breadcrumb":{"@id":"https:\/\/admpg.com.br\/2020\/indicados-premio-sergio-escorsim\/#breadcrumb"},"inLanguage":"pt-BR","potentialAction":[{"@type":"ReadAction","target":["https:\/\/admpg.com.br\/2020\/indicados-premio-sergio-escorsim\/"]}]},{"@type":"BreadcrumbList","@id":"https:\/\/admpg.com.br\/2020\/indicados-premio-sergio-escorsim\/#breadcrumb","itemListElement":[{"@type":"ListItem","position":1,"name":"In\u00edcio","item":"https:\/\/admpg.com.br\/2020\/"},{"@type":"ListItem","position":2,"name":"Indicados &#8211; Pr\u00eamio Professor S\u00e9rgio Escorsim"}]},{"@type":"WebSite","@id":"https:\/\/admpg.com.br\/2020\/#website","url":"https:\/\/admpg.com.br\/2020\/","name":"ADM 2020","description":"Congresso Internacional de Administra\u00e7\u00e3o 2019","potentialAction":[{"@type":"SearchAction","target":{"@type":"EntryPoint","urlTemplate":"https:\/\/admpg.com.br\/2020\/?s={search_term_string}"},"query-input":"required name=search_term_string"}],"inLanguage":"pt-BR"}]}},"_links":{"self":[{"href":"https:\/\/admpg.com.br\/2020\/wp-json\/wp\/v2\/pages\/2232"}],"collection":[{"href":"https:\/\/admpg.com.br\/2020\/wp-json\/wp\/v2\/pages"}],"about":[{"href":"https:\/\/admpg.com.br\/2020\/wp-json\/wp\/v2\/types\/page"}],"author":[{"embeddable":true,"href":"https:\/\/admpg.com.br\/2020\/wp-json\/wp\/v2\/users\/1"}],"replies":[{"embeddable":true,"href":"https:\/\/admpg.com.br\/2020\/wp-json\/wp\/v2\/comments?post=2232"}],"version-history":[{"count":14,"href":"https:\/\/admpg.com.br\/2020\/wp-json\/wp\/v2\/pages\/2232\/revisions"}],"predecessor-version":[{"id":3143,"href":"https:\/\/admpg.com.br\/2020\/wp-json\/wp\/v2\/pages\/2232\/revisions\/3143"}],"wp:featuredmedia":[{"embeddable":true,"href":"https:\/\/admpg.com.br\/2020\/wp-json\/wp\/v2\/media\/2964"}],"wp:attachment":[{"href":"https:\/\/admpg.com.br\/2020\/wp-json\/wp\/v2\/media?parent=2232"}],"curies":[{"name":"wp","href":"https:\/\/api.w.org\/{rel}","templated":true}]}}